{"id":1394,"date":"2024-11-05T15:32:44","date_gmt":"2024-11-05T15:32:44","guid":{"rendered":"http:\/\/webapp.fondazionedeclaricinidornpacher.org\/il-broili\/"},"modified":"2025-03-25T14:41:37","modified_gmt":"2025-03-25T14:41:37","slug":"il-broili","status":"publish","type":"page","link":"http:\/\/webapp.fondazionedeclaricinidornpacher.org\/fu\/guida-ai-giardini\/il-broili\/","title":{"rendered":"Il broili"},"content":{"rendered":"<p>[et_pb_section fb_built=&#8221;1&#8243; admin_label=&#8221;Header&#8221; _builder_version=&#8221;4.27.4&#8243; _module_preset=&#8221;default&#8221; background_color=&#8221;gcid-e9aa2bbe-bf13-47d9-8690-d3a3c49b55dc&#8221; custom_margin=&#8221;-10px||||false|false&#8221; custom_padding=&#8221;||||false|false&#8221; hover_enabled=&#8221;0&#8243; saved_tabs=&#8221;all&#8221; locked=&#8221;off&#8221; collapsed=&#8221;off&#8221; global_colors_info=&#8221;{%22gcid-e9aa2bbe-bf13-47d9-8690-d3a3c49b55dc%22:%91%22background_color%22%93}&#8221; sticky_enabled=&#8221;0&#8243;][et_pb_row _builder_version=&#8221;4.27.4&#8243; _module_preset=&#8221;default&#8221; custom_margin=&#8221;0px|0px|35px|0px|false|true&#8221; custom_padding=&#8221;0px||0px|18px|false|false&#8221; hover_enabled=&#8221;0&#8243; global_colors_info=&#8221;{}&#8221; sticky_enabled=&#8221;0&#8243;][et_pb_column type=&#8221;4_4&#8243; _builder_version=&#8221;4.27.2&#8243; _module_preset=&#8221;default&#8221; global_colors_info=&#8221;{}&#8221;][et_pb_post_title meta=&#8221;off&#8221; featured_image=&#8221;off&#8221; _builder_version=&#8221;4.27.4&#8243; _module_preset=&#8221;default&#8221; title_font_size=&#8221;36px&#8221; custom_margin=&#8221;0px||0px|0px|false|false&#8221; custom_padding=&#8221;0px||0px||false|false&#8221; global_colors_info=&#8221;{}&#8221;][\/et_pb_post_title][\/et_pb_column][\/et_pb_row][et_pb_row _builder_version=&#8221;4.27.4&#8243; _module_preset=&#8221;default&#8221; width=&#8221;100%&#8221; custom_margin=&#8221;0px|0px|33px|0px|false|true&#8221; custom_padding=&#8221;0px|0px|0px|0px|false|true&#8221; hover_enabled=&#8221;0&#8243; locked=&#8221;off&#8221; global_colors_info=&#8221;{}&#8221; sticky_enabled=&#8221;0&#8243;][et_pb_column type=&#8221;4_4&#8243; _builder_version=&#8221;4.27.2&#8243; _module_preset=&#8221;default&#8221; global_colors_info=&#8221;{}&#8221;][et_pb_image src=&#8221;http:\/\/webapp.fondazionedeclaricinidornpacher.org\/wp-content\/uploads\/2024\/11\/apple_tree_orchard_apfelernte-961657.jpg&#8221; title_text=&#8221;apple_tree_orchard_apfelernte-961657&#8243; show_bottom_space=&#8221;off&#8221; align=&#8221;center&#8221; _builder_version=&#8221;4.27.4&#8243; _module_preset=&#8221;default&#8221; module_alignment=&#8221;center&#8221; custom_margin=&#8221;||||false|false&#8221; global_colors_info=&#8221;{}&#8221;][\/et_pb_image][\/et_pb_column][\/et_pb_row][et_pb_row _builder_version=&#8221;4.27.4&#8243; _module_preset=&#8221;default&#8221; custom_margin=&#8221;0px|0px|0px|0px|false|false&#8221; custom_padding=&#8221;0px|18px|0px|18px|false|true&#8221; hover_enabled=&#8221;0&#8243; global_colors_info=&#8221;{}&#8221; sticky_enabled=&#8221;0&#8243;][et_pb_column type=&#8221;4_4&#8243; _builder_version=&#8221;4.27.2&#8243; _module_preset=&#8221;default&#8221; global_colors_info=&#8221;{}&#8221;][et_pb_text _builder_version=&#8221;4.27.4&#8243; _module_preset=&#8221;default&#8221; text_font=&#8221;|300|||||||&#8221; text_font_size=&#8221;18px&#8221; text_line_height=&#8221;26px&#8221; custom_margin=&#8221;||||false|false&#8221; custom_padding=&#8221;||||false|false&#8221; global_colors_info=&#8221;{}&#8221;]<\/p>\n<p><span>Inte aree padane dal Venit, un teritori plen di tradizions agriculis e rur\u00e2ls, il tiermin \u201c<strong>brolo<\/strong>\u201d (deriv\u00e2t dal latin tart <strong><em>brogilus<\/em><\/strong>) al ven dopr\u00e2t ancjem\u00f2 in d\u00ec di vu\u00ea par design\u00e2 il broili che si cjate dongje des cjasis. Chest broili, une volte destin\u00e2t soredut al autoconsum, al veve une funzion fondament\u00e2l inte vite cuotidiane des fameis nobilis e contadinis. Pai <strong>Claricini Dornpacher<\/strong> dal ram origjinari cividin, il broili al rapresentave une risorse di impuartance vit\u00e2l, no dome pe disponibilit\u00e2t di pomis frescjis, ma ancje tant che l\u00fbc di armonie tra la abitazion e il paisa\u00e7 ator. Vie pal Votcent e pal N\u00fbfcent, di fat, la ativit\u00e2t agricule e jere leade a strent ae sussistence famili\u00e2r e aes tradizions loc\u00e2ls.   <\/span><\/p>\n<p><span>Dasp\u00f2 di une <strong>ricualificazion impuartante e atente des areis verdis<\/strong> de vile, la aree in pass\u00e2t destinade a broili e \u00e0 torn\u00e2t a cuist\u00e2 la s\u00f4 bielece e funzionalit\u00e2t, dant di gn\u00fbf acet a un broili che al torne a proponi lis variet\u00e2ts antighis di plantis di pome che a jerin tipichis dal paisa\u00e7 rur\u00e2l venit e furlan. L&#8217;intervent, che al veve ch\u00ea di recuper\u00e2 la storicit\u00e2t di chest spazi, al \u00e0 viod\u00fbt la <strong>reintroduzion di speciis e di variet\u00e2ts dal puest<\/strong>, che tantis al jere il pericul che a sparissin par vie de modernizazion e de omogjeneizazion des culturis. <\/span><\/p>\n<p><span>Cjaminant in chest broili met\u00fbt a gn\u00fbf, si pues l\u00e2 dentri inte storie e inte nature, cjalant lis <strong>variet\u00e2ts antighis di pom\u00e2rs<\/strong>, tant che <strong>armelin\u00e2rs<\/strong>, <strong>pier\u00e7ol\u00e2rs<\/strong>, <strong>cjaries\u00e2rs<\/strong>, <strong>maren\u00e2rs<\/strong>, <strong>milu\u00e7\u00e2rs<\/strong>, <strong>piru\u00e7\u00e2rs <\/strong>e tantis altris speciis che une volte a insioravin e a caraterizavin il paisa\u00e7 rur\u00e2l venit e furlan. Ognidune di chestis plantis e conte une storie di tradizion agricule, di sav\u00eas tramand\u00e2ts e di leam profont cu la tiere. <\/span><\/p>\n<p><span>L&#8217;intervent nol \u00e0 dome ch\u00ea di restaur\u00e2 un aspiet estetic, ma al \u00e0 une finalit\u00e2t evidente di<strong> conservazion de biodiversit\u00e2t<\/strong>: preserv\u00e2 e valoriz\u00e2 lis<strong> variet\u00e2ts di pomis loc\u00e2ls<\/strong> al significhe, di fat, protezi un patrimoni gjenetic unic che al \u00e8 ad in plen part de nestre culture agricule. Cun di plui, il broili, in gracie de s\u00f4 eterogjeneit\u00e2t e de variet\u00e2t di plantis coltivadis, al \u00e0 ancje une funzion ecologjiche impuartante, parc\u00e8 che al manten l\u2019ecuilibri dal teritori, miorant la cualit\u00e2t dal teren e dant ricet e rist\u00f4r a diviersis speciis di bestiis. <\/span><\/p>\n<p><span>La azion di ricualificazion dal broili, duncje, no recupere dome un aspiet storic e simbolic, ma e cjape s\u00f9 ancje un impegn pal avign\u00ee, cirint di protezi l\u2019ambient e la <strong>biodiversit\u00e2t <\/strong>pes gjenerazions a vign\u00ee. Cjamin\u00e2 tra i pom\u00e2rs nol \u00e8 dome une esperience sensori\u00e2l di bielece natur\u00e2l, ma ancje un at di cussience pe tutele di tradizions agriculis che, ancje se mena\u00e7adis, a son ancjem\u00f2 vivis e fondament\u00e2ls pal nestri leam cu la tiere. <\/span><\/p>\n<p>[\/et_pb_text][\/et_pb_column][\/et_pb_row][\/et_pb_section]<\/p>\n","protected":false},"excerpt":{"rendered":"<p>Inte aree padane dal Venit, un teritori plen di tradizions agriculis e rur\u00e2ls, il tiermin \u201cbrolo\u201d (deriv\u00e2t dal latin tart brogilus) al ven dopr\u00e2t ancjem\u00f2 in d\u00ec di vu\u00ea par design\u00e2 il broili che si cjate dongje des cjasis. Chest broili, une volte destin\u00e2t soredut al autoconsum, al veve une funzion fondament\u00e2l inte vite cuotidiane [&hellip;]<\/p>\n","protected":false},"author":1,"featured_media":0,"parent":1489,"menu_order":0,"comment_status":"closed","ping_status":"closed","template":"","meta":{"_et_pb_use_builder":"on","_et_pb_old_content":"","_et_gb_content_width":"","footnotes":""},"class_list":["post-1394","page","type-page","status-publish","hentry"],"_links":{"self":[{"href":"http:\/\/webapp.fondazionedeclaricinidornpacher.org\/fu\/wp-json\/wp\/v2\/pages\/1394","targetHints":{"allow":["GET"]}}],"collection":[{"href":"http:\/\/webapp.fondazionedeclaricinidornpacher.org\/fu\/wp-json\/wp\/v2\/pages"}],"about":[{"href":"http:\/\/webapp.fondazionedeclaricinidornpacher.org\/fu\/wp-json\/wp\/v2\/types\/page"}],"author":[{"embeddable":true,"href":"http:\/\/webapp.fondazionedeclaricinidornpacher.org\/fu\/wp-json\/wp\/v2\/users\/1"}],"replies":[{"embeddable":true,"href":"http:\/\/webapp.fondazionedeclaricinidornpacher.org\/fu\/wp-json\/wp\/v2\/comments?post=1394"}],"version-history":[{"count":16,"href":"http:\/\/webapp.fondazionedeclaricinidornpacher.org\/fu\/wp-json\/wp\/v2\/pages\/1394\/revisions"}],"predecessor-version":[{"id":2250,"href":"http:\/\/webapp.fondazionedeclaricinidornpacher.org\/fu\/wp-json\/wp\/v2\/pages\/1394\/revisions\/2250"}],"up":[{"embeddable":true,"href":"http:\/\/webapp.fondazionedeclaricinidornpacher.org\/fu\/wp-json\/wp\/v2\/pages\/1489"}],"wp:attachment":[{"href":"http:\/\/webapp.fondazionedeclaricinidornpacher.org\/fu\/wp-json\/wp\/v2\/media?parent=1394"}],"curies":[{"name":"wp","href":"https:\/\/api.w.org\/{rel}","templated":true}]}}