{"id":1398,"date":"2024-11-05T15:33:03","date_gmt":"2024-11-05T15:33:03","guid":{"rendered":"http:\/\/webapp.fondazionedeclaricinidornpacher.org\/il-zardin-dai-semplics\/"},"modified":"2025-03-25T14:41:33","modified_gmt":"2025-03-25T14:41:33","slug":"il-zardin-dai-semplics","status":"publish","type":"page","link":"http:\/\/webapp.fondazionedeclaricinidornpacher.org\/fu\/guida-ai-giardini\/il-zardin-dai-semplics\/","title":{"rendered":"Il zardin dai sempli\u00e7s"},"content":{"rendered":"<p>[et_pb_section fb_built=&#8221;1&#8243; admin_label=&#8221;Header&#8221; _builder_version=&#8221;4.27.4&#8243; _module_preset=&#8221;default&#8221; background_color=&#8221;gcid-e9aa2bbe-bf13-47d9-8690-d3a3c49b55dc&#8221; custom_margin=&#8221;-10px||0px||false|false&#8221; custom_padding=&#8221;0px||0px||false|false&#8221; hover_enabled=&#8221;0&#8243; saved_tabs=&#8221;all&#8221; locked=&#8221;off&#8221; collapsed=&#8221;off&#8221; global_colors_info=&#8221;{%22gcid-e9aa2bbe-bf13-47d9-8690-d3a3c49b55dc%22:%91%22background_color%22,%22background_color%22%93}&#8221; sticky_enabled=&#8221;0&#8243;][et_pb_row _builder_version=&#8221;4.27.4&#8243; _module_preset=&#8221;default&#8221; custom_margin=&#8221;0px|0px|35px|0px|false|false&#8221; custom_padding=&#8221;0px||0px|18px|false|false&#8221; hover_enabled=&#8221;0&#8243; global_colors_info=&#8221;{}&#8221; sticky_enabled=&#8221;0&#8243;][et_pb_column type=&#8221;4_4&#8243; _builder_version=&#8221;4.27.2&#8243; _module_preset=&#8221;default&#8221; global_colors_info=&#8221;{}&#8221;][et_pb_post_title meta=&#8221;off&#8221; featured_image=&#8221;off&#8221; _builder_version=&#8221;4.27.4&#8243; _module_preset=&#8221;default&#8221; title_font_size=&#8221;36px&#8221; custom_margin=&#8221;0px||0px|0px|false|false&#8221; custom_padding=&#8221;0px||0px||false|false&#8221; global_colors_info=&#8221;{}&#8221;][\/et_pb_post_title][\/et_pb_column][\/et_pb_row][et_pb_row _builder_version=&#8221;4.27.4&#8243; _module_preset=&#8221;default&#8221; width=&#8221;100%&#8221; custom_margin=&#8221;0px|0px|33px|0px|false|true&#8221; custom_padding=&#8221;0px|0px|0px|0px|false|true&#8221; locked=&#8221;off&#8221; global_colors_info=&#8221;{}&#8221;][et_pb_column type=&#8221;4_4&#8243; _builder_version=&#8221;4.27.2&#8243; _module_preset=&#8221;default&#8221; global_colors_info=&#8221;{}&#8221;][et_pb_image src=&#8221;http:\/\/webapp.fondazionedeclaricinidornpacher.org\/wp-content\/uploads\/2025\/01\/il_giardino_dei_semplici.jpg&#8221; title_text=&#8221;il_giardino_dei_semplici&#8221; show_bottom_space=&#8221;off&#8221; align=&#8221;center&#8221; _builder_version=&#8221;4.27.4&#8243; _module_preset=&#8221;default&#8221; module_alignment=&#8221;center&#8221; custom_margin=&#8221;|||0px|false|false&#8221; global_colors_info=&#8221;{}&#8221;][\/et_pb_image][\/et_pb_column][\/et_pb_row][et_pb_row _builder_version=&#8221;4.27.4&#8243; _module_preset=&#8221;default&#8221; custom_margin=&#8221;0px||0px||false|false&#8221; custom_margin_phone=&#8221;0px||0px||false|false&#8221; custom_padding=&#8221;0px|18px|0px|18px|false|true&#8221; hover_enabled=&#8221;0&#8243; global_colors_info=&#8221;{}&#8221; sticky_enabled=&#8221;0&#8243;][et_pb_column type=&#8221;4_4&#8243; _builder_version=&#8221;4.27.2&#8243; _module_preset=&#8221;default&#8221; global_colors_info=&#8221;{}&#8221;][et_pb_text _builder_version=&#8221;4.27.4&#8243; _module_preset=&#8221;default&#8221; text_font=&#8221;|300|||||||&#8221; text_font_size=&#8221;18px&#8221; text_line_height=&#8221;24px&#8221; custom_margin=&#8221;||||false|false&#8221; custom_padding=&#8221;|||0px|false|false&#8221; global_colors_info=&#8221;{}&#8221;]<\/p>\n<p><span>Inte ete di mie\u00e7, l\u2019<em><strong>hortus simplicium<\/strong><\/em> al rapresentave un ambient fondament\u00e2l pe medisine tradizion\u00e2l, un zardin l\u00e0 che si coltivavin plantis dopradis pes l\u00f4r propriet\u00e2ts terapeutichis. Chest spazi nol veve dome une funzion pratiche, ma al jere ancje un centri di cognossince, dul\u00e0 che la cure dal cuarp e dal spirt si instre\u00e7avin cu la nature. Lis plantis che a vignivin coltivadis intal hortus simplicium a jerin clamadis \u201c<strong>semplicis<\/strong>\u201d, un tiermin che al marcave ch\u00eas plantis che, midiant de estrazion direte, a vevin principis curat\u00eefs natur\u00e2i. Al contrari, i \u2018<strong>composits<\/strong>&#8216; a jerin farmacs rigjav\u00e2ts misturant diviersis sostancis, creant rimiedis plui compl\u00e8s e disp\u00e8s plui zovevui.   <\/span><\/p>\n<p><span>Lis plantis medisin\u00e2ls no vignivin dopradis in maniere direte, ma a lavin incuintri a <strong>diviers trataments<\/strong>, che a esaltavin lis propriet\u00e2ts e a permetevin un \u00fbs terapeutic indurant. Tra i metodis plui comuns, la essicazion e la macerazion a jerin dopr\u00e2ts par conserv\u00e2 lis plantis e prepar\u00e2lis pal \u00fbs. La <strong>oficine<\/strong>, tiermin latin che al designave il laboratori di preparazion dai rimiedis, al devent\u00e0 il l\u00fbc dul\u00e0 che lis plantis a vignivin trasformadis in estrats, polvars, onzints e tinturis. Di cheste pratiche al \u00e8 deriv\u00e2t il tiermin \u201c<strong>oficin\u00e2l<\/strong>\u201d, che ancjem\u00f2 in d\u00ec di vu\u00ea si dopre par rifer\u00eesi a ch\u00eas plantis cun propriet\u00e2ts medisin\u00e2ls, in st\u00e2t di jessi trasformadis in prepar\u00e2ts terapeutics zovevui pe sal\u00fbt umane.   <\/span><\/p>\n<p><span>In chest contest, il zardin dai \u201c<strong>sempli\u00e7s<\/strong>\u201d nol jere dome un l\u00fbc di culture, ma ancje un laboratori, dul\u00e0 che il sav\u00ea botanic, la art de cure e la medisine popol\u00e2r si misturavin insiemi par ufr\u00ee rimiedis natur\u00e2i. Lis plantis medisin\u00e2ls a vignivin selezionadis pes l\u00f4r cualit\u00e2ts curativis e disp\u00e8s a jerin acompagnadis di<strong> jerbis aromatichis<\/strong> (mindusiis) dopradis par finalit\u00e2ts aliment\u00e2rs o par aromatiz\u00e2 mangjativis e bevandis, ma ancje par sfrancj\u00e2si di cualchi pi\u00e7ule afezion cuotidiane. Basili, osmarin, lavande, tim e salvie, par esempli, a jerin plantis che no dome a insioravin lis cusinis, ma a jerin ancje fondament\u00e2ls pal benst\u00e2 fisic e ment\u00e2l.  <\/span><\/p>\n<p><span>Il zardin che ore presint al intint di memore\u00e2 cheste tradizion dai <strong>zardins dai sempli\u00e7s ant\u00eecs<\/strong> nol v\u00fbl dome conserv\u00e2 la memorie storiche di chestis pratichis, ma ancje ripuart\u00e2 in vite une <strong>variet\u00e2t di speciis<\/strong> di plantis medisin\u00e2ls e aromatichis. Chestis plantis a vegnin coltivadis cu la stesse cure e atenzion che i munics e i zardin\u00eers de Ete di Mie\u00e7 a dedicavin ai l\u00f4r orts, preservant la biodiversit\u00e2t e mantignint v\u00eefs i metodis natur\u00e2i di cure. <\/span><\/p>\n<p><span>In chest zardin moderni, che al va inda\u00fbr ae tradizion dal <em>hortus simplicium<\/em> de Ete di Mie\u00e7, la <strong>valorizazion des plantis oficin\u00e2ls<\/strong> e aromatichis e devente une maniere par <strong>preserv\u00e2 il patrimoni botanic<\/strong> e <strong>par svicin\u00e2 lis gnovis gjenerazions al \u00fbs sostignibil<\/strong> e cussient des risorsis natur\u00e2ls. Ogni plante, cu lis s\u00f4s propriet\u00e2ts terapeutichis, e je un pi\u00e7ul tesaur che e continue a tramand\u00e2, traviers i secui, la saviet\u00e2t antighe des curis natur\u00e2ls.  <\/span><\/p>\n<p>[\/et_pb_text][\/et_pb_column][\/et_pb_row][\/et_pb_section][et_pb_section fb_built=&#8221;1&#8243; _builder_version=&#8221;4.27.2&#8243; _module_preset=&#8221;default&#8221; background_color=&#8221;#FFF3D8&#8243; max_height=&#8221;0px&#8221; global_colors_info=&#8221;{}&#8221;][\/et_pb_section]<\/p>\n","protected":false},"excerpt":{"rendered":"<p>Inte ete di mie\u00e7, l\u2019hortus simplicium al rapresentave un ambient fondament\u00e2l pe medisine tradizion\u00e2l, un zardin l\u00e0 che si coltivavin plantis dopradis pes l\u00f4r propriet\u00e2ts terapeutichis. Chest spazi nol veve dome une funzion pratiche, ma al jere ancje un centri di cognossince, dul\u00e0 che la cure dal cuarp e dal spirt si instre\u00e7avin cu la [&hellip;]<\/p>\n","protected":false},"author":1,"featured_media":0,"parent":1489,"menu_order":0,"comment_status":"closed","ping_status":"closed","template":"","meta":{"_et_pb_use_builder":"on","_et_pb_old_content":"","_et_gb_content_width":"","footnotes":""},"class_list":["post-1398","page","type-page","status-publish","hentry"],"_links":{"self":[{"href":"http:\/\/webapp.fondazionedeclaricinidornpacher.org\/fu\/wp-json\/wp\/v2\/pages\/1398","targetHints":{"allow":["GET"]}}],"collection":[{"href":"http:\/\/webapp.fondazionedeclaricinidornpacher.org\/fu\/wp-json\/wp\/v2\/pages"}],"about":[{"href":"http:\/\/webapp.fondazionedeclaricinidornpacher.org\/fu\/wp-json\/wp\/v2\/types\/page"}],"author":[{"embeddable":true,"href":"http:\/\/webapp.fondazionedeclaricinidornpacher.org\/fu\/wp-json\/wp\/v2\/users\/1"}],"replies":[{"embeddable":true,"href":"http:\/\/webapp.fondazionedeclaricinidornpacher.org\/fu\/wp-json\/wp\/v2\/comments?post=1398"}],"version-history":[{"count":8,"href":"http:\/\/webapp.fondazionedeclaricinidornpacher.org\/fu\/wp-json\/wp\/v2\/pages\/1398\/revisions"}],"predecessor-version":[{"id":2224,"href":"http:\/\/webapp.fondazionedeclaricinidornpacher.org\/fu\/wp-json\/wp\/v2\/pages\/1398\/revisions\/2224"}],"up":[{"embeddable":true,"href":"http:\/\/webapp.fondazionedeclaricinidornpacher.org\/fu\/wp-json\/wp\/v2\/pages\/1489"}],"wp:attachment":[{"href":"http:\/\/webapp.fondazionedeclaricinidornpacher.org\/fu\/wp-json\/wp\/v2\/media?parent=1398"}],"curies":[{"name":"wp","href":"https:\/\/api.w.org\/{rel}","templated":true}]}}