{"id":1410,"date":"2024-12-06T14:10:40","date_gmt":"2024-12-06T14:10:40","guid":{"rendered":"http:\/\/webapp.fondazionedeclaricinidornpacher.org\/il-zardin-ae-taliane\/"},"modified":"2025-03-25T14:41:25","modified_gmt":"2025-03-25T14:41:25","slug":"il-zardin-ae-taliane","status":"publish","type":"page","link":"http:\/\/webapp.fondazionedeclaricinidornpacher.org\/fu\/guida-ai-giardini\/il-zardin-ae-taliane\/","title":{"rendered":"Il zardin ae taliane"},"content":{"rendered":"<p>[et_pb_section fb_built=&#8221;1&#8243; _builder_version=&#8221;4.27.4&#8243; _module_preset=&#8221;default&#8221; background_color=&#8221;gcid-e9aa2bbe-bf13-47d9-8690-d3a3c49b55dc&#8221; custom_margin=&#8221;-10px||||false|false&#8221; custom_padding=&#8221;0px||||false|false&#8221; custom_css_free_form=&#8221;selector {||  padding-top:33px !important ||}||&#8221; global_colors_info=&#8221;{%22gcid-e9aa2bbe-bf13-47d9-8690-d3a3c49b55dc%22:%91%22background_color%22,%22background_color%22%93}&#8221;][et_pb_row _builder_version=&#8221;4.27.4&#8243; _module_preset=&#8221;default&#8221; custom_margin=&#8221;0px|0px|35px|0px|false|true&#8221; custom_padding=&#8221;0px||0px|18px|false|false&#8221; hover_enabled=&#8221;0&#8243; locked=&#8221;off&#8221; global_colors_info=&#8221;{}&#8221; sticky_enabled=&#8221;0&#8243;][et_pb_column type=&#8221;4_4&#8243; _builder_version=&#8221;4.27.2&#8243; _module_preset=&#8221;default&#8221; global_colors_info=&#8221;{}&#8221;][et_pb_post_title meta=&#8221;off&#8221; featured_image=&#8221;off&#8221; _builder_version=&#8221;4.27.4&#8243; _module_preset=&#8221;default&#8221; title_font_size=&#8221;36px&#8221; custom_margin=&#8221;0px||0px|0px|false|false&#8221; custom_padding=&#8221;0px||0px||false|false&#8221; global_colors_info=&#8221;{}&#8221;][\/et_pb_post_title][\/et_pb_column][\/et_pb_row][et_pb_row _builder_version=&#8221;4.27.4&#8243; _module_preset=&#8221;default&#8221; width=&#8221;100%&#8221; custom_margin=&#8221;0px|0px|33px|0px|false|true&#8221; custom_margin_phone=&#8221;|0px||0px|false|true&#8221; custom_padding=&#8221;0px|0px|0px|0px|true|true&#8221; global_colors_info=&#8221;{}&#8221;][et_pb_column type=&#8221;4_4&#8243; _builder_version=&#8221;4.27.4&#8243; _module_preset=&#8221;default&#8221; global_colors_info=&#8221;{}&#8221;][et_pb_image src=&#8221;http:\/\/webapp.fondazionedeclaricinidornpacher.org\/wp-content\/uploads\/2025\/01\/Copia-di-Veduta-aerea-sud.jpg&#8221; title_text=&#8221;Copia di Veduta aerea sud&#8221; show_bottom_space=&#8221;off&#8221; align=&#8221;center&#8221; admin_label=&#8221;Image&#8221; _builder_version=&#8221;4.27.4&#8243; _module_preset=&#8221;default&#8221; module_alignment=&#8221;center&#8221; custom_margin=&#8221;0px|0px|0px|0px|false|true&#8221; global_colors_info=&#8221;{}&#8221;][\/et_pb_image][\/et_pb_column][\/et_pb_row][et_pb_row _builder_version=&#8221;4.27.4&#8243; _module_preset=&#8221;default&#8221; width=&#8221;100%&#8221; custom_margin=&#8221;0px|0px|0px|0px|false|true&#8221; hover_enabled=&#8221;0&#8243; locked=&#8221;off&#8221; global_colors_info=&#8221;{}&#8221; custom_padding=&#8221;0px|18px|0px|18px|false|true&#8221; sticky_enabled=&#8221;0&#8243;][et_pb_column type=&#8221;4_4&#8243; _builder_version=&#8221;4.27.2&#8243; _module_preset=&#8221;default&#8221; global_colors_info=&#8221;{}&#8221;][et_pb_text module_id=&#8221;intestazione_pagina&#8221; _builder_version=&#8221;4.27.4&#8243; _module_preset=&#8221;default&#8221; text_font=&#8221;||||||||&#8221; text_line_height=&#8221;30px&#8221; header_text_color=&#8221;#707070&#8243; header_font_size=&#8221;28px&#8221; header_line_height=&#8221;1.6em&#8221; header_2_text_color=&#8221;#707070&#8243; header_2_font_size=&#8221;30px&#8221; header_2_line_height=&#8221;35px&#8221; custom_margin=&#8221;0px||24px||false|false&#8221; custom_padding=&#8221;0px|80px|0px||false|false&#8221; text_font_size_tablet=&#8221;&#8221; text_font_size_phone=&#8221;24px&#8221; text_font_size_last_edited=&#8221;on|phone&#8221; global_colors_info=&#8221;{}&#8221;]<\/p>\n<h2><span style=\"font-weight: 400;\">Il Zardin ae taliane e la tradizion baroche<strong><br \/><\/strong><\/span><\/h2>\n<p>[\/et_pb_text][et_pb_text _builder_version=&#8221;4.27.4&#8243; _module_preset=&#8221;default&#8221; text_font_size=&#8221;18px&#8221; text_line_height=&#8221;26px&#8221; custom_margin=&#8221;0px||0px||false|false&#8221; custom_padding=&#8221;0px||0px|0px|false|false&#8221; global_colors_info=&#8221;{}&#8221;]<\/p>\n<p><span style=\"font-weight: 400;\">Intal 1908, Nicol\u00f2 Claricini Dornpacher al \u00e0 torn\u00e2t a dissegn\u00e2 il<\/span><b> zardin ae taliane<\/b><span style=\"font-weight: 400;\"> che si slargje sul l\u00e2t a Sud de vile. Biel che la part Nord, cu la s\u00f4 fa\u00e7ade e il curt\u00eel cuadri, e presente un aspiet plui sev\u00ear, la fa\u00e7ade Sud e il so zardin a son carateriz\u00e2ts par elegance e armonie. Chest cjanton vert, sorenomen\u00e2t \u201c  <\/span><b>zardin segret<\/b><span style=\"font-weight: 400;\">\u201d, al jere risierv\u00e2t dome al plas\u00ea de famee e dai ospits plui intims. Sier\u00e2t di une balustrade rafinade di piere di Vicence, in st\u00e2t di marc\u00e2 inm\u00f2 di plui la atmosfere intime, il zardin si presente tant che un pi\u00e7ul rip\u00e2r, protet dal mont esterni. <\/span><span style=\"font-weight: 400;\"><br \/><\/span><span style=\"font-weight: 400;\">A segn\u00e2 i ponts princip\u00e2i di ac\u00e8s e a bilisi\u00e2 il zardin, si drecin cun delicatece vot pilastris decor\u00e2ts cun mot\u00eefs barocs e cun parsore statuis di divinit\u00e2ts mitologjichis. <\/span><span style=\"font-weight: 400;\"><br \/><\/span><span style=\"font-weight: 400;\">Chescj pilastris a son st\u00e2ts met\u00fbts in maniere strategjiche: intor aes fontanis, dongje de sidrere e sul confin che al mene al zardin ingl\u00eas sul da\u00fbr.<\/span><\/p>\n<p>[\/et_pb_text][et_pb_text module_id=&#8221;intestazione_pagina&#8221; _builder_version=&#8221;4.27.4&#8243; _module_preset=&#8221;default&#8221; text_font=&#8221;||||||||&#8221; text_line_height=&#8221;30px&#8221; header_text_color=&#8221;#707070&#8243; header_font_size=&#8221;28px&#8221; header_line_height=&#8221;1.6em&#8221; header_2_text_color=&#8221;#707070&#8243; header_2_font_size=&#8221;30px&#8221; header_2_line_height=&#8221;35px&#8221; custom_margin=&#8221;32px||24px||false|false&#8221; custom_padding=&#8221;0px|80px|0px||false|false&#8221; text_font_size_tablet=&#8221;&#8221; text_font_size_phone=&#8221;24px&#8221; text_font_size_last_edited=&#8221;on|phone&#8221; global_colors_info=&#8221;{}&#8221;]<\/p>\n<h2><span style=\"font-weight: 400;\">Il Gust pal Sietcent di Nicol\u00f2 Claricini<strong><br \/><\/strong><\/span><\/h2>\n<p>[\/et_pb_text][et_pb_text _builder_version=&#8221;4.27.4&#8243; _module_preset=&#8221;default&#8221; text_font_size=&#8221;18px&#8221; text_line_height=&#8221;26px&#8221; custom_margin=&#8221;0px||0px||false|false&#8221; custom_padding=&#8221;0px||32px|0px|false|false&#8221; global_colors_info=&#8221;{}&#8221;]<\/p>\n<p><strong><span style=\"font-weight: 400;\">Cuant che Nicol\u00f2 al \u00e0 decid\u00fbt di torn\u00e2 a dissegn\u00e2 il zardin, la Europe e jere da\u00fbr a vivi il periodi de Belle Epoque, paron\u00e2t de espression moderniste dal Art Nouveau. Nicol\u00f2, dut c\u00e2s, si sintive plui in sintonie cul \u201c <\/span><b>Sietcentrisim<\/b><span style=\"font-weight: 400;\">\u201d, un st\u00eel che al ricjapave la tradizion dai zardins de cort di Lu\u00ees XIV, il Re Soreli. Il zardin si \u00e8 ispir\u00e2t ae decorazion dal <\/span><b> parterre de broderie<\/b><span style=\"font-weight: 400;\">, carateriz\u00e2t di jechis simetrichis separadis di trois di glerie e di borduris di piere o pi\u00e7ulis cisis. I complic\u00e2ts ricams vegjet\u00e2i cre\u00e2ts cerpint lis cisis a rifletin un gust ornament\u00e2l tipic de epoche. <\/span><span style=\"font-weight: 400;\"><br \/><\/span><span style=\"font-weight: 400;\">Nicol\u00f2, ancje se fed\u00eal a un gust storicist, nol \u00e0 trascuradis lis gnovis inovazions tecnologjichis. L\u2019\u00fbs de  <\/span><b>piere artifici\u00e2l<\/b><span style=\"font-weight: 400;\">, une novit\u00e2t de epoche, al \u00e8 st\u00e2t une sielte impuartante. La s\u00f4 comparse, leade ae difusion dal ciment Portland intal XIX secul, e \u00e0 permet\u00fbt di riprodusi l\u2019aspiet de piere natur\u00e2l in maniere plui economiche e indurante. La piere artifici\u00e2l e je deventade popol\u00e2r, ancje in Fri\u00fbl, li che a \u00e0n contribu\u00eet ae s\u00f4 difusion aziendis dal puest tant che ch\u00eas di Tonini e Gerolamo D\u2019Aronco &#8211; pari dal architet Raimondo.  <\/span><\/strong><\/p>\n<p>[\/et_pb_text][et_pb_text module_id=&#8221;intestazione_pagina&#8221; _builder_version=&#8221;4.27.4&#8243; _module_preset=&#8221;default&#8221; text_font=&#8221;||||||||&#8221; text_line_height=&#8221;30px&#8221; header_text_color=&#8221;#707070&#8243; header_font_size=&#8221;28px&#8221; header_line_height=&#8221;1.6em&#8221; header_2_text_color=&#8221;#707070&#8243; header_2_font_size=&#8221;30px&#8221; header_2_line_height=&#8221;35px&#8221; custom_margin=&#8221;0px||24px||false|false&#8221; custom_padding=&#8221;0px|80px|0px||false|false&#8221; text_font_size_tablet=&#8221;&#8221; text_font_size_phone=&#8221;24px&#8221; text_font_size_last_edited=&#8221;on|phone&#8221; global_colors_info=&#8221;{}&#8221;]<\/p>\n<h2><span style=\"font-weight: 400;\">Il dissen des jechis e la simetrie<strong><br \/><\/strong><\/span><\/h2>\n<p>[\/et_pb_text][et_pb_text _builder_version=&#8221;4.27.4&#8243; _module_preset=&#8221;default&#8221; text_font_size=&#8221;18px&#8221; text_line_height=&#8221;26px&#8221; custom_margin=&#8221;0px||0px||false|false&#8221; custom_padding=&#8221;0px||0px|0px|false|false&#8221; global_colors_info=&#8221;{}&#8221;]<\/p>\n<p><span style=\"font-weight: 400;\">Un element di grant incjant intal zardin al \u00e8 il dissen des <b>d\u00f4s jechis zimulis<\/b>, che al romp cu la rigjidit\u00e2t dal scheme tradizion\u00e2l a ricuadris. La ande des jechis, a curvis e dinamiche, e je insiorade di borduris elegantis di piere artifici\u00e2l che a delimitin lis sezions. Tal mie\u00e7 di ogni compart si cjate une <b>fontane circol\u00e2<\/b>r, bilisiade di cuatri statuis di pups posizion\u00e2ts da\u00fbr dai ponts cardin\u00e2i. Il vert che al jemple i spazis cjap\u00e2ts dentri des borduris di piere al \u00e8 d\u00e2t di tap\u00eats di jerbe, cisis di bos cun curvis elegantis e pi\u00e7ui arbui cerp\u00eets a forme di sfere, intun z\u00fbc vis\u00eef inmagant tra formis orizont\u00e2ls e vertic\u00e2ls.   <\/span><\/p>\n<p>[\/et_pb_text][et_pb_image src=&#8221;http:\/\/webapp.fondazionedeclaricinidornpacher.org\/wp-content\/uploads\/2025\/01\/Copia-di-Ingresso-giardino-italiana-scaled.jpg&#8221; title_text=&#8221;Copia di Ingresso giardino italiana&#8221; show_bottom_space=&#8221;off&#8221; align=&#8221;center&#8221; _builder_version=&#8221;4.27.4&#8243; _module_preset=&#8221;default&#8221; module_alignment=&#8221;center&#8221; custom_margin=&#8221;32px|0px|24px|0px|false|true&#8221; custom_padding=&#8221;0px||0px||false|false&#8221; global_colors_info=&#8221;{}&#8221;][\/et_pb_image][et_pb_text _builder_version=&#8221;4.27.4&#8243; _module_preset=&#8221;default&#8221; text_font_size=&#8221;18px&#8221; text_line_height=&#8221;26px&#8221; custom_margin=&#8221;0px||0px||false|false&#8221; custom_padding=&#8221;0px||32px|0px|false|false&#8221; global_colors_info=&#8221;{}&#8221;]<\/p>\n<p><span style=\"font-weight: 400;\">Cheste ripartizion gjeometriche dai spazis, tipiche dal zardin ae taliane, e je dade di fil\u00e2rs di arbui, cisis ben curadis e sculturis vegjet\u00e2ls realizadis cu la art dal cerp\u00ee (<b>ars topiaria<\/b>). Chest st\u00eel al \u00e0 lidr\u00ees profondis intal Rinassiment, cuant che il zardin al \u00e8 devent\u00e2t un l\u00fbc no dome par coltiv\u00e2, ma ancje pal plas\u00ea e pal relax. E jere une evoluzion natur\u00e2l dal <b><i>hortus conclusus<\/i><\/b> mediev\u00e2l, intal imprin destin\u00e2t ae culture di pomis, jerbis e plantis medisin\u00e2ls.  <\/span><\/p>\n<p>[\/et_pb_text][et_pb_text module_id=&#8221;intestazione_pagina&#8221; _builder_version=&#8221;4.27.4&#8243; _module_preset=&#8221;default&#8221; text_font=&#8221;||||||||&#8221; text_line_height=&#8221;30px&#8221; header_text_color=&#8221;#707070&#8243; header_font_size=&#8221;28px&#8221; header_line_height=&#8221;1.6em&#8221; header_2_text_color=&#8221;#707070&#8243; header_2_font_size=&#8221;30px&#8221; header_2_line_height=&#8221;35px&#8221; custom_margin=&#8221;0px||24px||false|false&#8221; custom_padding=&#8221;0px|80px|0px||false|false&#8221; text_font_size_tablet=&#8221;&#8221; text_font_size_phone=&#8221;24px&#8221; text_font_size_last_edited=&#8221;on|phone&#8221; global_colors_info=&#8221;{}&#8221;]<\/p>\n<h2><span style=\"font-weight: 400;\">La Lote cuintri de Cydalima perspectalis e il Restaur<strong><br \/><\/strong><\/span><\/h2>\n<p>[\/et_pb_text][et_pb_text _builder_version=&#8221;4.27.4&#8243; _module_preset=&#8221;default&#8221; text_font_size=&#8221;18px&#8221; text_line_height=&#8221;26px&#8221; custom_margin=&#8221;0px||0px||false|false&#8221; custom_padding=&#8221;0px||32px|0px|false|false&#8221; global_colors_info=&#8221;{}&#8221;]<\/p>\n<p><span style=\"font-weight: 400;\">Vie pai agns, il zardin al \u00e0 pat\u00eet dams par vie de <\/span><span style=\"font-weight: 400;\"><i>Cydalima perspectalis<\/i><\/span><span style=\"font-weight: 400;\">, un inset invas\u00eef che al \u00e0 met\u00fbt in dificolt\u00e2t lis plantis di bos, mena\u00e7ant la sal\u00fbt des cisis e des sculturis vegjet\u00e2ls. Par contrast\u00e2 chest probleme, tai lav\u00f4rs di ricualificazion e di restaur dal parc si \u00e0 opt\u00e2t pal rafacon gjapon\u00eas  <\/span><b><i>Convexa<\/i><\/b><span style=\"font-weight: 400;\">, une plante di cise resistente e simile al bos. La Convexa, in gracie de s\u00f4 cressite lente e dal so puartament fis, e je stade la sielte ide\u00e2l par mantign\u00ee la estetiche origjin\u00e2l dal zardin. <\/span><\/p>\n<p><span style=\"font-weight: 400;\">In gracie di chescj intervents, il zardin al \u00e8 torn\u00e2t al so dissen origjin\u00e2l, che al jere st\u00e2t imortal\u00e2t intes fotografiis di Attilio Brisighelli dal 1923. Chestis imagjins, fatis f\u00e2 dal cont Nicol\u00f2, a documentavin il splend\u00f4r che la vile e veve torn\u00e2t a cjat\u00e2 dasp\u00f2 des dificolt\u00e2ts frontadis vie pal periodi belic. <\/span><span style=\"font-weight: 400;\"><\/span><\/p>\n<p>[\/et_pb_text][et_pb_image src=&#8221;http:\/\/webapp.fondazionedeclaricinidornpacher.org\/wp-content\/uploads\/2025\/01\/Brisighelli.jpg&#8221; title_text=&#8221;Brisighelli&#8221; show_bottom_space=&#8221;off&#8221; align=&#8221;center&#8221; _builder_version=&#8221;4.27.4&#8243; _module_preset=&#8221;default&#8221; module_alignment=&#8221;center&#8221; custom_margin=&#8221;|0px|0px|0px|false|true&#8221; custom_padding=&#8221;||0px||false|false&#8221; global_colors_info=&#8221;{}&#8221;][\/et_pb_image][\/et_pb_column][\/et_pb_row][\/et_pb_section]<\/p>\n","protected":false},"excerpt":{"rendered":"<p>Il Zardin ae taliane e la tradizion barocheIntal 1908, Nicol\u00f2 Claricini Dornpacher al \u00e0 torn\u00e2t a dissegn\u00e2 il zardin ae taliane che si slargje sul l\u00e2t a Sud de vile. Biel che la part Nord, cu la s\u00f4 fa\u00e7ade e il curt\u00eel cuadri, e presente un aspiet plui sev\u00ear, la fa\u00e7ade Sud e il so [&hellip;]<\/p>\n","protected":false},"author":1,"featured_media":0,"parent":1489,"menu_order":0,"comment_status":"closed","ping_status":"closed","template":"","meta":{"_et_pb_use_builder":"on","_et_pb_old_content":"","_et_gb_content_width":"","footnotes":""},"class_list":["post-1410","page","type-page","status-publish","hentry"],"_links":{"self":[{"href":"http:\/\/webapp.fondazionedeclaricinidornpacher.org\/fu\/wp-json\/wp\/v2\/pages\/1410","targetHints":{"allow":["GET"]}}],"collection":[{"href":"http:\/\/webapp.fondazionedeclaricinidornpacher.org\/fu\/wp-json\/wp\/v2\/pages"}],"about":[{"href":"http:\/\/webapp.fondazionedeclaricinidornpacher.org\/fu\/wp-json\/wp\/v2\/types\/page"}],"author":[{"embeddable":true,"href":"http:\/\/webapp.fondazionedeclaricinidornpacher.org\/fu\/wp-json\/wp\/v2\/users\/1"}],"replies":[{"embeddable":true,"href":"http:\/\/webapp.fondazionedeclaricinidornpacher.org\/fu\/wp-json\/wp\/v2\/comments?post=1410"}],"version-history":[{"count":30,"href":"http:\/\/webapp.fondazionedeclaricinidornpacher.org\/fu\/wp-json\/wp\/v2\/pages\/1410\/revisions"}],"predecessor-version":[{"id":2218,"href":"http:\/\/webapp.fondazionedeclaricinidornpacher.org\/fu\/wp-json\/wp\/v2\/pages\/1410\/revisions\/2218"}],"up":[{"embeddable":true,"href":"http:\/\/webapp.fondazionedeclaricinidornpacher.org\/fu\/wp-json\/wp\/v2\/pages\/1489"}],"wp:attachment":[{"href":"http:\/\/webapp.fondazionedeclaricinidornpacher.org\/fu\/wp-json\/wp\/v2\/media?parent=1410"}],"curies":[{"name":"wp","href":"https:\/\/api.w.org\/{rel}","templated":true}]}}