{"id":1420,"date":"2024-12-06T14:27:23","date_gmt":"2024-12-06T14:27:23","guid":{"rendered":"http:\/\/webapp.fondazionedeclaricinidornpacher.org\/il-vial-dai-cipres\/"},"modified":"2025-04-23T06:44:57","modified_gmt":"2025-04-23T06:44:57","slug":"il-vial-dai-cipres","status":"publish","type":"page","link":"http:\/\/webapp.fondazionedeclaricinidornpacher.org\/fu\/guida-ai-giardini\/il-vial-dai-cipres\/","title":{"rendered":"Il vi\u00e2l dai cipr\u00e8s"},"content":{"rendered":"<p>[et_pb_section fb_built=&#8221;1&#8243; _builder_version=&#8221;4.27.4&#8243; _module_preset=&#8221;default&#8221; background_color=&#8221;gcid-e9aa2bbe-bf13-47d9-8690-d3a3c49b55dc&#8221; custom_margin=&#8221;-10px||||false|false&#8221; custom_padding=&#8221;0px||||false|false&#8221; locked=&#8221;off&#8221; global_colors_info=&#8221;{%22gcid-e9aa2bbe-bf13-47d9-8690-d3a3c49b55dc%22:%91%22background_color%22,%22background_color%22%93}&#8221;][et_pb_row _builder_version=&#8221;4.27.4&#8243; _module_preset=&#8221;default&#8221; custom_margin=&#8221;0px|0px|0px|0px|false|true&#8221; custom_padding=&#8221;0px||0px|18px|false|false&#8221; locked=&#8221;off&#8221; global_colors_info=&#8221;{}&#8221;][et_pb_column type=&#8221;4_4&#8243; _builder_version=&#8221;4.27.2&#8243; _module_preset=&#8221;default&#8221; global_colors_info=&#8221;{}&#8221;][et_pb_post_title meta=&#8221;off&#8221; featured_image=&#8221;off&#8221; _builder_version=&#8221;4.27.4&#8243; _module_preset=&#8221;default&#8221; title_font_size=&#8221;36px&#8221; custom_margin=&#8221;||0px|0px|false|false&#8221; custom_padding=&#8221;||28px||false|false&#8221; global_colors_info=&#8221;{}&#8221;][\/et_pb_post_title][\/et_pb_column][\/et_pb_row][et_pb_row _builder_version=&#8221;4.27.4&#8243; _module_preset=&#8221;default&#8221; custom_margin=&#8221;0px|0px|33px|0px|false|false&#8221; custom_margin_phone=&#8221;|0px||0px|false|true&#8221; custom_padding=&#8221;0px|0px|0px|0px|false|false&#8221; global_colors_info=&#8221;{}&#8221;][et_pb_column type=&#8221;4_4&#8243; _builder_version=&#8221;4.27.4&#8243; _module_preset=&#8221;default&#8221; global_colors_info=&#8221;{}&#8221;][et_pb_image src=&#8221;http:\/\/webapp.fondazionedeclaricinidornpacher.org\/wp-content\/uploads\/2025\/01\/il_viale_dei_cipressi.jpg&#8221; title_text=&#8221;il_viale_dei_cipressi&#8221; show_bottom_space=&#8221;off&#8221; align=&#8221;center&#8221; admin_label=&#8221;Image&#8221; _builder_version=&#8221;4.27.4&#8243; _module_preset=&#8221;default&#8221; module_alignment=&#8221;center&#8221; custom_margin=&#8221;0px|0px|0px|0px|false|true&#8221; custom_padding=&#8221;0px|0px|0px|0px|false|false&#8221; global_colors_info=&#8221;{}&#8221;][\/et_pb_image][\/et_pb_column][\/et_pb_row][et_pb_row _builder_version=&#8221;4.27.4&#8243; _module_preset=&#8221;default&#8221; width=&#8221;100%&#8221; custom_margin=&#8221;0px|0px|0px|0px|false|true&#8221; custom_padding=&#8221;0px|18px|0px|18px|false|false&#8221; locked=&#8221;off&#8221; global_colors_info=&#8221;{}&#8221;][et_pb_column type=&#8221;4_4&#8243; _builder_version=&#8221;4.27.2&#8243; _module_preset=&#8221;default&#8221; global_colors_info=&#8221;{}&#8221;][et_pb_text admin_label=&#8221;Testo&#8221; _builder_version=&#8221;4.27.4&#8243; _module_preset=&#8221;default&#8221; text_font=&#8221;||||||||&#8221; text_line_height=&#8221;30px&#8221; header_text_color=&#8221;#707070&#8243; header_font_size=&#8221;28px&#8221; header_line_height=&#8221;1.6em&#8221; header_2_font_size=&#8221;30px&#8221; header_2_line_height=&#8221;35px&#8221; custom_margin=&#8221;||||false|false&#8221; custom_padding=&#8221;|80px|||false|false&#8221; text_font_size_tablet=&#8221;&#8221; text_font_size_phone=&#8221;24px&#8221; text_font_size_last_edited=&#8221;on|phone&#8221; global_colors_info=&#8221;{}&#8221;]<\/p>\n<h2>Une jentrade arborade<\/h2>\n<p>[\/et_pb_text][et_pb_text _builder_version=&#8221;4.27.4&#8243; _module_preset=&#8221;default&#8221; text_font=&#8221;|300|||||||&#8221; text_font_size=&#8221;18px&#8221; text_line_height=&#8221;26px&#8221; custom_margin=&#8221;24px||||false|false&#8221; custom_padding=&#8221;0px|0px|0px|0px|false|false&#8221; global_colors_info=&#8221;{}&#8221;]<\/p>\n<p>Il parc al \u00e8 delimit\u00e2t di un <strong>puarton maest\u00f4s<\/strong> di fier bat\u00fbt, decor\u00e2t cu lis inizi\u00e2ls \u201cGC\u201d di Guglielmo Claricini e cu la date \u201c1872\u201d che e segne l\u2019an che il cont Claricini al \u00e0 invi\u00e2t la riorganizazion des areis verdis e dai spazis de vile. Pass\u00e2t il puarton, si vier\u00e7 un vi\u00e2l di cipr\u00e8s che si slungje par 220 metris tra i vign\u00e2i, colegant la residence al paisa\u00e7 rur\u00e2l ator.<br \/>L\u2019implant di chescj cipr\u00e8s al va inda\u00fbr al 1937, cem\u00fbt che al testemonee un ordin di compre conserv\u00e2t in archivi che al regjistre l\u2019acuist di trente esempl\u00e2rs li dal \u201cPremiato Stabilimento German\u201d di Triest.<br \/>La dite e veve diviersis culturis a Redipulie, dongje dal Sacrari che al jere da\u00fbr a nassi in on\u00f4r dai muarts de Grande Vuere, carateriz\u00e2t propit di cipr\u00e8s che si viodin dilunc de scjale monument\u00e2l. <\/p>\n<p>[\/et_pb_text][et_pb_text admin_label=&#8221;Testo&#8221; _builder_version=&#8221;4.27.4&#8243; _module_preset=&#8221;default&#8221; text_font=&#8221;||||||||&#8221; text_line_height=&#8221;30px&#8221; header_text_color=&#8221;#707070&#8243; header_font_size=&#8221;28px&#8221; header_line_height=&#8221;1.6em&#8221; header_2_font_size=&#8221;30px&#8221; header_2_line_height=&#8221;35px&#8221; custom_margin=&#8221;32px||||false|false&#8221; custom_padding=&#8221;|80px|||false|false&#8221; text_font_size_tablet=&#8221;&#8221; text_font_size_phone=&#8221;24px&#8221; text_font_size_last_edited=&#8221;on|phone&#8221; global_colors_info=&#8221;{}&#8221;]<\/p>\n<h2>I vign\u00e2i ator<\/h2>\n<p>[\/et_pb_text][et_pb_text _builder_version=&#8221;4.27.4&#8243; _module_preset=&#8221;default&#8221; text_font=&#8221;|300|||||||&#8221; text_font_size=&#8221;18px&#8221; text_line_height=&#8221;26px&#8221; custom_margin=&#8221;24px||||false|false&#8221; custom_padding=&#8221;|||0px|false|false&#8221; global_colors_info=&#8221;{}&#8221;]<\/p>\n<p>Ator dal vi\u00e2l, si puedin amir\u00e2 i vign\u00e2i de tignude, coltiv\u00e2ts da\u00fbr dai principis de agriculture biologjiche. In plui dai fil\u00e2rs dongje des muris de vile Claricini Dornpacher, la propriet\u00e2t e cjape dentri ancje un vign\u00e2l culin\u00e2r a Ruvignans (Civid\u00e2t), par un tot\u00e2l di dodis etars. La produzion vinicule e va da\u00fbr dal ritmi natur\u00e2l des stagjons, cuntun cicli anu\u00e2l che al scomence inte Vierte e al vi\u00f4t il so massim inte vendeme autun\u00e2l.<br \/>Vie pe Vierte, i pampui de v\u00eet a gotin linfe, segn\u00e2l dal principi dal cicli vegjetat\u00eef. I butui si vierzin, a nassin lis primis fueis e, p\u00f4c dopo, a vegnin f\u00fbr i raps. Dilunc dal Ist\u00e2t, i raps a van indevant a madressi, cjapant s\u00f9 i l\u00f4r col\u00f4rs definit\u00eefs ae fin de stagjon: indor\u00e2t pes uis blancjis, ros, blu e viole par ch\u00eas rossis.<br \/>La Sierade, periodi de vendeme, al \u00e8 un moment delic\u00e2t, che al domande di cjap\u00e2 s\u00f9 i raps al gr\u00e2t just di maturazion. Dasp\u00f2 de vendeme e de colade des fueis, viers Novembar, si tache a cerp\u00ee, une operazion fondament\u00e2l par prepar\u00e2 lis plantis ae gnove stagjon.<br \/>Dilunc dal fr\u00eat dal Invier, i lav\u00f4rs par cerp\u00ee a continuin fin ae fin de stagjon, cuant che i pampui gn\u00fbfs a vegnin ple\u00e2ts cun naturalece e fiss\u00e2ts ai f\u00eei di fier che ju tignaran s\u00f9. Cheste tecniche, fie de tradizion, e permet ae v\u00eet di cressi in m\u00fbt orden\u00e2t, cui raps al soreli e al aiar.      <\/p>\n<p><span>In ogni stagjon, passant il vi\u00e2l di cipr\u00e8s si rive ae seconde fereade, che si vier\u00e7 su la strade publiche Civid\u00e2t-Muimans. Il puarton, insuaz\u00e2t di doi pilastris di piere bugnade e di doi m\u00fbrs a arc, al zonte un alc di senografic ae fin dal percors di arbui, segnant il confin de propriet\u00e2t. <\/span><\/p>\n<p>[\/et_pb_text][\/et_pb_column][\/et_pb_row][\/et_pb_section]<\/p>\n","protected":false},"excerpt":{"rendered":"<p>Une jentrade arboradeIl parc al \u00e8 delimit\u00e2t di un puarton maest\u00f4s di fier bat\u00fbt, decor\u00e2t cu lis inizi\u00e2ls \u201cGC\u201d di Guglielmo Claricini e cu la date \u201c1872\u201d che e segne l\u2019an che il cont Claricini al \u00e0 invi\u00e2t la riorganizazion des areis verdis e dai spazis de vile. Pass\u00e2t il puarton, si vier\u00e7 un vi\u00e2l [&hellip;]<\/p>\n","protected":false},"author":1,"featured_media":0,"parent":1489,"menu_order":0,"comment_status":"closed","ping_status":"closed","template":"","meta":{"_et_pb_use_builder":"on","_et_pb_old_content":"","_et_gb_content_width":"","footnotes":""},"class_list":["post-1420","page","type-page","status-publish","hentry"],"_links":{"self":[{"href":"http:\/\/webapp.fondazionedeclaricinidornpacher.org\/fu\/wp-json\/wp\/v2\/pages\/1420","targetHints":{"allow":["GET"]}}],"collection":[{"href":"http:\/\/webapp.fondazionedeclaricinidornpacher.org\/fu\/wp-json\/wp\/v2\/pages"}],"about":[{"href":"http:\/\/webapp.fondazionedeclaricinidornpacher.org\/fu\/wp-json\/wp\/v2\/types\/page"}],"author":[{"embeddable":true,"href":"http:\/\/webapp.fondazionedeclaricinidornpacher.org\/fu\/wp-json\/wp\/v2\/users\/1"}],"replies":[{"embeddable":true,"href":"http:\/\/webapp.fondazionedeclaricinidornpacher.org\/fu\/wp-json\/wp\/v2\/comments?post=1420"}],"version-history":[{"count":26,"href":"http:\/\/webapp.fondazionedeclaricinidornpacher.org\/fu\/wp-json\/wp\/v2\/pages\/1420\/revisions"}],"predecessor-version":[{"id":2349,"href":"http:\/\/webapp.fondazionedeclaricinidornpacher.org\/fu\/wp-json\/wp\/v2\/pages\/1420\/revisions\/2349"}],"up":[{"embeddable":true,"href":"http:\/\/webapp.fondazionedeclaricinidornpacher.org\/fu\/wp-json\/wp\/v2\/pages\/1489"}],"wp:attachment":[{"href":"http:\/\/webapp.fondazionedeclaricinidornpacher.org\/fu\/wp-json\/wp\/v2\/media?parent=1420"}],"curies":[{"name":"wp","href":"https:\/\/api.w.org\/{rel}","templated":true}]}}