{"id":1436,"date":"2024-11-05T15:31:36","date_gmt":"2024-11-05T15:31:36","guid":{"rendered":"http:\/\/webapp.fondazionedeclaricinidornpacher.org\/il-zardin-ae-inglese\/"},"modified":"2025-03-25T14:42:27","modified_gmt":"2025-03-25T14:42:27","slug":"il-zardin-ae-inglese","status":"publish","type":"page","link":"http:\/\/webapp.fondazionedeclaricinidornpacher.org\/fu\/guida-ai-giardini\/il-zardin-ae-inglese\/","title":{"rendered":"Il zardin ae inglese"},"content":{"rendered":"<p>[et_pb_section fb_built=&#8221;1&#8243; admin_label=&#8221;Header&#8221; _builder_version=&#8221;4.27.4&#8243; _module_preset=&#8221;default&#8221; background_color=&#8221;gcid-e9aa2bbe-bf13-47d9-8690-d3a3c49b55dc&#8221; custom_margin=&#8221;-10px||0px||false|false&#8221; custom_padding=&#8221;0px||0px||false|false&#8221; hover_enabled=&#8221;0&#8243; saved_tabs=&#8221;all&#8221; locked=&#8221;off&#8221; collapsed=&#8221;off&#8221; global_colors_info=&#8221;{%22gcid-e9aa2bbe-bf13-47d9-8690-d3a3c49b55dc%22:%91%22background_color%22,%22background_color%22,%22background_color%22%93}&#8221; sticky_enabled=&#8221;0&#8243;][et_pb_row _builder_version=&#8221;4.27.4&#8243; _module_preset=&#8221;default&#8221; custom_margin=&#8221;0px|0px|35px|0px|false|true&#8221; custom_padding=&#8221;0px||0px|18px|false|false&#8221; hover_enabled=&#8221;0&#8243; global_colors_info=&#8221;{}&#8221; sticky_enabled=&#8221;0&#8243;][et_pb_column type=&#8221;4_4&#8243; _builder_version=&#8221;4.27.2&#8243; _module_preset=&#8221;default&#8221; global_colors_info=&#8221;{}&#8221;][et_pb_post_title meta=&#8221;off&#8221; featured_image=&#8221;off&#8221; _builder_version=&#8221;4.27.4&#8243; _module_preset=&#8221;default&#8221; title_font_size=&#8221;36px&#8221; custom_margin=&#8221;|||0px|false|false&#8221; custom_padding=&#8221;||||false|false&#8221; global_colors_info=&#8221;{}&#8221;][\/et_pb_post_title][\/et_pb_column][\/et_pb_row][et_pb_row _builder_version=&#8221;4.27.4&#8243; _module_preset=&#8221;default&#8221; width=&#8221;100%&#8221; custom_margin=&#8221;0px|0px|33px|0px|false|true&#8221; custom_margin_phone=&#8221;||33px||false|true&#8221; custom_padding=&#8221;0px|0px|0px|0px|false|true&#8221; locked=&#8221;off&#8221; global_colors_info=&#8221;{}&#8221;][et_pb_column type=&#8221;4_4&#8243; _builder_version=&#8221;4.27.2&#8243; _module_preset=&#8221;default&#8221; global_colors_info=&#8221;{}&#8221;][et_pb_image src=&#8221;http:\/\/webapp.fondazionedeclaricinidornpacher.org\/wp-content\/uploads\/2025\/01\/Copia-di-villa-da-parco-scaled.jpg&#8221; title_text=&#8221;Copia di villa da parco&#8221; show_bottom_space=&#8221;off&#8221; align=&#8221;center&#8221; _builder_version=&#8221;4.27.4&#8243; _module_preset=&#8221;default&#8221; module_alignment=&#8221;center&#8221; custom_margin=&#8221;|||0px|false|false&#8221; global_colors_info=&#8221;{}&#8221;][\/et_pb_image][\/et_pb_column][\/et_pb_row][et_pb_row _builder_version=&#8221;4.27.4&#8243; _module_preset=&#8221;default&#8221; custom_margin=&#8221;0px||0px||false|false&#8221; custom_margin_phone=&#8221;|0px||0px|false|false&#8221; custom_padding=&#8221;0px|18px|0px|18px|false|true&#8221; global_colors_info=&#8221;{}&#8221;][et_pb_column type=&#8221;4_4&#8243; _builder_version=&#8221;4.27.4&#8243; _module_preset=&#8221;default&#8221; global_colors_info=&#8221;{}&#8221;][et_pb_text module_id=&#8221;intestazione_pagina&#8221; _builder_version=&#8221;4.27.4&#8243; _module_preset=&#8221;default&#8221; text_font=&#8221;||||||||&#8221; text_line_height=&#8221;30px&#8221; header_text_color=&#8221;#707070&#8243; header_font_size=&#8221;28px&#8221; header_line_height=&#8221;1.6em&#8221; header_2_text_color=&#8221;#707070&#8243; header_2_font_size=&#8221;30px&#8221; header_2_line_height=&#8221;35px&#8221; custom_margin=&#8221;0px||24px||false|false&#8221; custom_padding=&#8221;0px|80px|0px||false|false&#8221; text_font_size_tablet=&#8221;&#8221; text_font_size_phone=&#8221;24px&#8221; text_font_size_last_edited=&#8221;on|phone&#8221; global_colors_info=&#8221;{}&#8221;]<\/p>\n<h2><span style=\"font-weight: 400;\">Une spontaneit\u00e2t ricercjade<\/span><\/h2>\n<p>[\/et_pb_text][et_pb_text _builder_version=&#8221;4.27.4&#8243; _module_preset=&#8221;default&#8221; text_font_size=&#8221;18px&#8221; text_line_height=&#8221;26px&#8221; custom_margin=&#8221;0px||0px||false|false&#8221; custom_padding=&#8221;0px||0px|0px|false|false&#8221; global_colors_info=&#8221;{}&#8221;]<\/p>\n<p><span style=\"font-weight: 400;\">Il zardin ae inglese, clam\u00e2t ancje Parc, al \u00e8 un dai spazis plui inmagants e sugjest\u00eefs di Vile de Claricini Dornpacher.<\/span><span style=\"font-weight: 400;\"><br \/><\/span><span style=\"font-weight: 400;\">Nass\u00fbt intal Sietcent, il model dal zardin ae inglese al \u00e8 carateriz\u00e2t dal \u00fbs dal concet di \u201cpitoresc\u201d che al refude la rigjidit\u00e2t dai zardins form\u00e2i, tant che chei ae taliane e ae francese, par l\u00e2 da\u00fbr di une vision plui natur\u00e2l e inform\u00e2l. <\/span><span style=\"font-weight: 400;\"><br \/><\/span><span style=\"font-weight: 400;\">Al contrari dai zardins gjeometrics, la idee di fonde dal zardin ae inglese e je ch\u00ea di f\u00e2 pens\u00e2 a un paisa\u00e7 che al somei spontani; la disposizion des plantis no ven plui pensade par defin\u00ee e delimit\u00e2 il spazi, ma par cre\u00e2 une schirie di vogladis e di visions che cui che al cjamine al scuvier\u00e7 in maniere gradu\u00e2l, cence mai v\u00ea une vision complete di dut.<\/span><\/p>\n<p><span style=\"font-weight: 400;\">Il zardin ae inglese de vile di Butinins al \u00e8 in dut e par dut un spieli des carateristichis di cheste tipologjie di zardin: l\u2019\u00fbs di arbui secol\u00e2rs, arbossits e plantis autoctonis che a crein un paisa\u00e7 che, ancje se al da la impression di jessi salvadi, al \u00e8 simpri cur\u00e2t in maniere precise. Chest zardin nol c\u00eer la simetrie, ma al zuie une vore intal altern\u00e2 grandis viodudis e cjantons plui intims, dul\u00e0 che la nature e somee un paisa\u00e7 natur\u00e2l ma studi\u00e2t.  <\/span><span style=\"font-weight: 400;\"><\/span><\/p>\n<p>[\/et_pb_text][et_pb_text module_id=&#8221;intestazione_pagina&#8221; _builder_version=&#8221;4.27.4&#8243; _module_preset=&#8221;default&#8221; text_font=&#8221;||||||||&#8221; text_line_height=&#8221;30px&#8221; header_text_color=&#8221;#707070&#8243; header_font_size=&#8221;28px&#8221; header_line_height=&#8221;1.6em&#8221; header_2_text_color=&#8221;#707070&#8243; header_2_font_size=&#8221;30px&#8221; header_2_line_height=&#8221;35px&#8221; custom_margin=&#8221;32px||24px||false|false&#8221; custom_padding=&#8221;0px|80px|0px||false|false&#8221; text_font_size_tablet=&#8221;&#8221; text_font_size_phone=&#8221;24px&#8221; text_font_size_last_edited=&#8221;on|phone&#8221; global_colors_info=&#8221;{}&#8221;]<\/p>\n<h2><span style=\"font-weight: 400;\">Il passa\u00e7 di un zardin a chel altri<strong><br \/><\/strong><\/span><\/h2>\n<p>[\/et_pb_text][et_pb_text _builder_version=&#8221;4.27.4&#8243; _module_preset=&#8221;default&#8221; text_font_size=&#8221;18px&#8221; text_line_height=&#8221;26px&#8221; custom_margin=&#8221;0px||0px||false|false&#8221; custom_padding=&#8221;0px||0px|0px|false|false&#8221; global_colors_info=&#8221;{}&#8221;]<\/p>\n<p><span style=\"font-weight: 400;\">Il passa\u00e7 dal zardin ae taliane al zardin ae inglese al \u00e8 segn\u00e2t di un trat prec\u00ees: lis cisis di bos disponudis a semicercli e lis statuis des Cuatri Stagjons. Chest confin simbolic al segne la transizion tra doi monts dal zardin, un form\u00e2l e chel altri plui libar e natur\u00e2l. La presince di chestis statuis, che a rapresentin lis stagjons, e sugjer\u00ecs il cicli de nature, che intal zardin ae inglese si esprim in dute la s\u00f4 vitalit\u00e2t e mudament. Pass\u00e2t chest confin, il <b>parc di 17.500 m<\/b>\u00b2 si vier\u00e7 devant dai voi dal visitad\u00f4r, a prin trat in maniere spontanie, ma cur\u00e2t intai detais, in contrast net cu la rigjidit\u00e2t dal zardin ae taliane.   <\/span><\/p>\n<p>[\/et_pb_text][et_pb_text module_id=&#8221;intestazione_pagina&#8221; _builder_version=&#8221;4.27.4&#8243; _module_preset=&#8221;default&#8221; text_font=&#8221;||||||||&#8221; text_line_height=&#8221;30px&#8221; header_text_color=&#8221;#707070&#8243; header_font_size=&#8221;28px&#8221; header_line_height=&#8221;1.6em&#8221; header_2_text_color=&#8221;#707070&#8243; header_2_font_size=&#8221;30px&#8221; header_2_line_height=&#8221;35px&#8221; custom_margin=&#8221;32px||24px||false|false&#8221; custom_padding=&#8221;0px|80px|0px||false|false&#8221; text_font_size_tablet=&#8221;&#8221; text_font_size_phone=&#8221;24px&#8221; text_font_size_last_edited=&#8221;on|phone&#8221; global_colors_info=&#8221;{}&#8221;]<\/p>\n<h2><span style=\"font-weight: 400;\">Lis gnovis disfidis<strong><br \/><\/strong><\/span><\/h2>\n<p>[\/et_pb_text][et_pb_text _builder_version=&#8221;4.27.4&#8243; _module_preset=&#8221;default&#8221; text_font_size=&#8221;18px&#8221; text_line_height=&#8221;26px&#8221; custom_margin=&#8221;0px||0px||false|false&#8221; custom_padding=&#8221;0px||0px|0px|false|false&#8221; global_colors_info=&#8221;{}&#8221;]<\/p>\n<p><span style=\"font-weight: 400;\">Il zardin ae inglese al \u00e8 st\u00e2t un dai spazis plui tocj\u00e2ts dai <b>mudaments climatics<\/b> dai ultins agns. Arbui a ped\u00e2l alt, tant che p\u00f4i, fai\u00e2rs, cedris e eli\u00e7s, che un timp a popolavin il parc, a \u00e0n pat\u00eet pai luncs secs e pai tempor\u00e2i fuarts tra il 2017 e il 2021, in plui che pe <b>carie dal len<\/b> che e \u00e0 ruvin\u00e2t tancj esempl\u00e2rs. In gracie di une opare atente di restaur e di ricualificazion, dut c\u00e2s, il parc al \u00e8 da\u00fbr a torn\u00e2 a cjat\u00e2 la s\u00f4 vivarosit\u00e2t.   <br \/>A son st\u00e2ts cre\u00e2ts sistemis gn\u00fbfs di irigazion e plant\u00e2ts tancj arbui, stant a chei presints intai documents storics de famee Claricini Dornpacher. Plantis tant che<b> tac dal Gjapon<\/b> (<i>Cephalotaxus harringtonii<\/i>), <b>Cipr\u00e8s gjapon\u00eas<\/b> (<i>Cryptomeria elegans<\/i>),<b> Cedri de Californie<\/b> (<i>Calocedrus decurren<\/i>s), <b>Photinia<\/b> (<i>Photinia serrulata<\/i>), <b>Eli\u00e7<\/b> (<i>Quercus ilex<\/i>) e <b>Pseudotsuga<\/b> (<i>Pseudotsuga<\/i>), dutis za documentadis intes compris storichis dal 1910, a son stadis tornadis a plant\u00e2 par mantign\u00ee intat il caratar dal zardin.  Inoltre, sono stati piantati nuovi esemplari, come <b>Albero di tulipano<\/b> (<i>Liriodendron tulipifera<\/i>) e <b>Sophora pendula giapponica<\/b> (<i>Sophora japonica pendula<\/i>), che sostituiscono alcune piante secolari ormai inadatte alle attuali condizioni climatiche.<\/span><\/p>\n<p>[\/et_pb_text][et_pb_text module_id=&#8221;intestazione_pagina&#8221; _builder_version=&#8221;4.27.4&#8243; _module_preset=&#8221;default&#8221; text_font=&#8221;||||||||&#8221; text_line_height=&#8221;30px&#8221; header_text_color=&#8221;#707070&#8243; header_font_size=&#8221;28px&#8221; header_line_height=&#8221;1.6em&#8221; header_2_text_color=&#8221;#707070&#8243; header_2_font_size=&#8221;30px&#8221; header_2_line_height=&#8221;35px&#8221; custom_margin=&#8221;32px||24px||false|false&#8221; custom_padding=&#8221;0px|80px|0px||false|false&#8221; text_font_size_tablet=&#8221;&#8221; text_font_size_phone=&#8221;24px&#8221; text_font_size_last_edited=&#8221;on|phone&#8221; global_colors_info=&#8221;{}&#8221;]<\/p>\n<h2><span style=\"font-weight: 400;\">Acessibilit\u00e2t e ortensiis<strong><br \/><\/strong><\/span><\/h2>\n<p>[\/et_pb_text][et_pb_text _builder_version=&#8221;4.27.4&#8243; _module_preset=&#8221;default&#8221; text_font_size=&#8221;18px&#8221; text_line_height=&#8221;26px&#8221; custom_margin=&#8221;0px||0px||false|false&#8221; custom_padding=&#8221;0px||0px|0px|false|false&#8221; global_colors_info=&#8221;{}&#8221;]<span style=\"font-weight: 400;\">Vie pai lav\u00f4rs di ricualificazion dal parc, al \u00e8 st\u00e2t cre\u00e2t un percors in bat\u00fbt di gjave, progjet\u00e2t par sigur\u00e2 la acessibilit\u00e2t a ducj i visitad\u00f4rs, ancje chei in carocine. Chest troi, che si disvilupe dilunc dal confin tra il zardin ae inglese e il broili, al va da\u00fbr di une linie sinuose che e rispiete la presince dai grancj arbui dilunc dal \u00f4r iregol\u00e2r dal zardin, un element tipic dai zardins dai prins dal N\u00fbfcent. Vie pal percors, a son st\u00e2ts plant\u00e2ts grups di arbossits di rose, tra chel <b>Spiree<\/b> (<i>Spiraea<\/i>) e <b>Kolkwitzie<\/b> (<i>Kolkwitzia amabilis<\/i>), che, insiemi aes <b>Ortensiis<\/b> (<i>Hydrangea<\/i>) te part a Est plui in ombrene, a contribuiran a restaur\u00e2 il patrimoni vert che si \u00e8 pierd\u00fbt intal timp.  <\/span><\/p>\n<p><span style=\"font-weight: 400;\">Ach\u00ec, il visitad\u00f4r al pues amir\u00e2 cualchidune des 40 speciis \u2013 s\u00f9 par j\u00f9 \u2013 di ortensiis esistentis. Chestis plantis a rose, cu lis semencis fatis s\u00f9 ator di une pome, si ricognossin daurman pes l\u00f4r rosis che si dan dongje in infloressencis a forme di corimbi o di panole. Tantis rosis a son sterilis, o sei no produsin semencis o pomis; lis rosis plui esternis, in particol\u00e2r, al puest dai pics a \u00e0n sepai che, deventant plui grancj, a cjapin s\u00f9 l\u2019aspiet di v\u00ears e propris pics.<\/p>\n<p>  <\/span><\/p>\n<p><span style=\"font-weight: 400;\">Tra lis variet\u00e2ts plui interessants presints intal parc a meretin di jessi ricuardadis: <\/span><\/p>\n<p><span style=\"font-weight: 400;\">La <b>Ortensie des fueis grandis<\/b> (<i>Hydrangea macrophylla<\/i>), origjinarie dal Gjapon e puartade in Europe intal XVII secul. Cheste ortensie si ricogn\u00f2s pes s\u00f4s infloressencis che a van dal blu al blanc, al rose sc\u00fbr, da\u00fbr de composizion de tiere. Il col\u00f4r blu si disvilupe in terens acits, dul\u00e0 che i jonis di alumini a vegnin cjap\u00e2ts s\u00f9 cun facilit\u00e2t des lidr\u00ees, intant che il rose al ven in terens cun plui concentrazion di jonis di calci o di altris elements che i dan cuintri al assorbiment dal alumini.  <\/span><\/p>\n<p><span style=\"font-weight: 400;\">La <b>Ortensie sierade<\/b> (<i>Hydrangea serrata<\/i>), simile ae <b>Ortensie des fueis grandis<\/b> ma di dimensions plui pi\u00e7ulis, e ven des zonis des monts dal Gjapon e de Coree. Cognossude ancje tant che <b>Ortensie di mont<\/b>, cheste plante e je preseade pes s\u00f4s rosis che a van di rose a blu, da\u00fbr dal pH de tiere. Lis s\u00f4s fueis ov\u00e2ls e dintadis i dan un aspiet particol\u00e2r, di li che al ven il non \u201csierade\u201d. Resistente e in st\u00e2t di adat\u00e2si a diviers climis, cheste ortensie e prefer\u00ecs la ombre parzi\u00e2l e un teren ben dren\u00e2t.   <\/span><\/p>\n<p><span style=\"font-weight: 400;\">La <\/span><b>Ortensie a arbossit<\/b><span style=\"font-weight: 400;\"> (<\/span><span style=\"font-weight: 400;\"><i>Hydrangea arborescens<\/i><\/span><span style=\"font-weight: 400;\">), la variet\u00e2t che e \u00e0 vierte la strade pes ortensiis intai zardins europeans, e je la prime a disflor\u00ee tra dutis lis speciis. Lis s\u00f4s rosis, di un blanc cjandit o di un rose liz\u00ear, si vierzin a met\u00e2t Jugn e a mantegnin la l\u00f4r bielece fin al principi de stagjon frede. <\/span><\/p>\n<p><span style=\"font-weight: 400;\">Il zardin ae inglese de vile di Butinins al \u00e8 un esempli perfet di cem\u00fbt che la nature e la art dal zardin a puedin messed\u00e2si par cre\u00e2 un spazi che al \u00e8 tal stes timp un rip\u00e2r e une forme di espression estetiche. <\/span><span style=\"font-weight: 400;\"><br \/>\n<\/span><span style=\"font-weight: 400;\">Tra lis plantis secol\u00e2rs, i elements architetonics e i intervents resints di ricualificazion, chest zardin al continue a jessi un l\u00fbc di bielece e di serenit\u00e2t, che al met insiemi la tradizion dal pass\u00e2t cu lis dibisugnis dal presint.<\/span>[\/et_pb_text][\/et_pb_column][\/et_pb_row][\/et_pb_section]<\/p>\n","protected":false},"excerpt":{"rendered":"<p>Une spontaneit\u00e2t ricercjadeIl zardin ae inglese, clam\u00e2t ancje Parc, al \u00e8 un dai spazis plui inmagants e sugjest\u00eefs di Vile de Claricini Dornpacher.Nass\u00fbt intal Sietcent, il model dal zardin ae inglese al \u00e8 carateriz\u00e2t dal \u00fbs dal concet di \u201cpitoresc\u201d che al refude la rigjidit\u00e2t dai zardins form\u00e2i, tant che chei ae taliane e ae [&hellip;]<\/p>\n","protected":false},"author":1,"featured_media":0,"parent":1489,"menu_order":0,"comment_status":"closed","ping_status":"closed","template":"","meta":{"_et_pb_use_builder":"on","_et_pb_old_content":"","_et_gb_content_width":"","footnotes":""},"class_list":["post-1436","page","type-page","status-publish","hentry"],"_links":{"self":[{"href":"http:\/\/webapp.fondazionedeclaricinidornpacher.org\/fu\/wp-json\/wp\/v2\/pages\/1436","targetHints":{"allow":["GET"]}}],"collection":[{"href":"http:\/\/webapp.fondazionedeclaricinidornpacher.org\/fu\/wp-json\/wp\/v2\/pages"}],"about":[{"href":"http:\/\/webapp.fondazionedeclaricinidornpacher.org\/fu\/wp-json\/wp\/v2\/types\/page"}],"author":[{"embeddable":true,"href":"http:\/\/webapp.fondazionedeclaricinidornpacher.org\/fu\/wp-json\/wp\/v2\/users\/1"}],"replies":[{"embeddable":true,"href":"http:\/\/webapp.fondazionedeclaricinidornpacher.org\/fu\/wp-json\/wp\/v2\/comments?post=1436"}],"version-history":[{"count":21,"href":"http:\/\/webapp.fondazionedeclaricinidornpacher.org\/fu\/wp-json\/wp\/v2\/pages\/1436\/revisions"}],"predecessor-version":[{"id":2280,"href":"http:\/\/webapp.fondazionedeclaricinidornpacher.org\/fu\/wp-json\/wp\/v2\/pages\/1436\/revisions\/2280"}],"up":[{"embeddable":true,"href":"http:\/\/webapp.fondazionedeclaricinidornpacher.org\/fu\/wp-json\/wp\/v2\/pages\/1489"}],"wp:attachment":[{"href":"http:\/\/webapp.fondazionedeclaricinidornpacher.org\/fu\/wp-json\/wp\/v2\/media?parent=1436"}],"curies":[{"name":"wp","href":"https:\/\/api.w.org\/{rel}","templated":true}]}}